{"id":242,"date":"2023-10-09T16:19:41","date_gmt":"2023-10-09T16:19:41","guid":{"rendered":"https:\/\/ms-bauelemente-trier.de\/?page_id=242"},"modified":"2023-10-09T16:57:34","modified_gmt":"2023-10-09T16:57:34","slug":"terrassenueberdachungen","status":"publish","type":"page","link":"https:\/\/ms-bauelemente-trier.de\/?page_id=242","title":{"rendered":"Terrassen\u00fcberdachungen"},"content":{"rendered":"<div class=\"\" style=\"\" >\n  \n    \n    <section class=\"u-clearfix u-section-2\" id=\"sec-c65d\">\n      <div class=\"u-clearfix u-sheet u-sheet-1\">\n        <div class=\"u-container-style u-expanded-width u-group u-image u-image-1\" data-image-width=\"1300\" data-image-height=\"975\" data-animation-name=\"customAnimationIn\" data-animation-duration=\"2000\" style=\"background-image: url(&quot;https:\/\/ms-bauelemente-trier.de\/wp-content\/uploads\/2023\/10\/Terrassenueberdachung-5.jpg&quot;);\">\n          <div class=\"u-container-layout u-container-layout-1\">\n            <div class=\"u-align-left u-container-align-center u-container-style u-expanded-width-sm u-expanded-width-xs u-grey-90 u-group u-opacity u-opacity-65 u-shape-rectangle u-group-2\">\n              <div class=\"u-container-layout u-valign-middle-sm u-valign-middle-xl u-valign-middle-xs u-container-layout-2\">\n                <h1 class=\"u-align-center u-text u-text-default u-text-font u-text-white u-text-1\">Terrassen\u00fcberdachung<\/h1>\n              <\/div>\n            <\/div>\n          <\/div>\n        <\/div>\n      <\/div>\n    <\/section>\n    <section class=\"u-clearfix u-section-3\" id=\"sec-9fd4\">\n      <div class=\"u-clearfix u-sheet u-valign-middle-sm u-valign-middle-xs u-sheet-1\">\n        <div class=\"data-layout-selected u-clearfix u-expanded-width u-gutter-0 u-layout-wrap u-layout-wrap-1\">\n          <div class=\"u-layout\">\n            <div class=\"u-layout-row\">\n              <div class=\"u-container-style u-layout-cell u-shape-rectangle u-size-30 u-layout-cell-1\" data-animation-name=\"customAnimationIn\" data-animation-duration=\"2000\" data-animation-delay=\"250\">\n                <div class=\"u-container-layout u-valign-top u-container-layout-1\">\n                  <p class=\"u-align-left u-text u-text-default u-text-1\"> Der Fr\u00fchling bl\u00fcht auf und langsam aber sicher wagt sich die Sonne hinter der Wolkendecke hervor. Das Leben erwacht und es zieht uns hinaus ins Freie. Bereitwillig nehmen wir nun all das in Angriff, f\u00fcr das es uns im Winter zu kalt und widrig war. Dazu geh\u00f6rt neben verschiedenen Gartenarbeiten auch das Herrichten der Terrasse, um dort die Zeit zu genie\u00dfen<br>\n                    <br>Mit einer&nbsp;Terrassen\u00fcberdachung&nbsp;werten Sie Ihre&nbsp;Terrasse&nbsp;um ein Maximum auf. Nicht l\u00e4nger muss alles rasch in Sicherheit gebracht werden, inklusive man selbst, wenn es anf\u00e4ngt zu regnen. Unter dem&nbsp;sch\u00fctzenden Glasdach&nbsp;der&nbsp;Terrassen\u00ad\u00fcberdachung&nbsp;k\u00f6nnen Sie seelenruhig dem prasselnden Regenschauer lauschen.&nbsp;&nbsp; \n                  <\/p>\n                <\/div>\n              <\/div>\n              <div class=\"u-container-style u-image u-layout-cell u-shape-rectangle u-size-30 u-image-1\" data-image-width=\"2560\" data-image-height=\"1707\" data-animation-name=\"flipIn\" data-animation-duration=\"2000\" data-animation-delay=\"250\" data-animation-direction=\"X\" style=\"background-image: url(&quot;https:\/\/ms-bauelemente-trier.de\/wp-content\/uploads\/2023\/10\/Terrassenueberdachung-2.jpg&quot;);\">\n                <div class=\"u-container-layout u-container-layout-2\"><\/div>\n              <\/div>\n            <\/div>\n          <\/div>\n        <\/div>\n      <\/div>\n    <\/section>\n    <section class=\"u-clearfix u-section-4\" id=\"sec-90dc\" data-image-width=\"1350\" data-image-height=\"879\">\n      <div class=\"u-clearfix u-sheet u-valign-middle u-sheet-1\">\n        <div class=\"u-clearfix u-expanded-width u-layout-wrap u-layout-wrap-1\">\n          <div class=\"u-layout\">\n            <div class=\"u-layout-row\">\n              <div class=\"u-container-style u-image u-layout-cell u-size-12 u-image-1\" data-image-width=\"1250\" data-image-height=\"1031\" data-animation-name=\"customAnimationIn\" data-animation-duration=\"1750\" data-animation-direction=\"Left\" data-animation-delay=\"250\" style=\"background-image: url(&quot;https:\/\/ms-bauelemente-trier.de\/wp-content\/uploads\/2023\/10\/ModernesDesign1.jpg&quot;);\">\n                <div class=\"u-container-layout u-container-layout-1\"><\/div>\n              <\/div>\n              <div class=\"u-container-style u-grey-10 u-layout-cell u-size-33 u-layout-cell-2\" data-animation-name=\"customAnimationIn\" data-animation-duration=\"2000\" data-animation-delay=\"0\">\n                <div class=\"u-container-layout u-container-layout-2\">\n                  <h4 class=\"u-align-left u-text u-text-font u-text-1\">Modernes Design<\/h4>\n                  <div class=\"u-align-left u-border-3 u-border-palette-1-base u-line u-line-horizontal u-line-1\"><\/div>\n                  <p class=\"u-align-left u-text u-text-2\"> Unser Profilsystem eichnet sich besonders\ndurch das schlichte und moderne Design aus.&nbsp;<br>Durch ihre speziellen Doppelwandungen gibt es keine\nstrukturellen Schwachstellen bei Befestigungen von\nSeitenw\u00e4nden oder Glasschiebeanlagen. Durch dieses\nSystem wird nicht direkt in die Regenrinne gebohrt, was\nsomit Undichtigkeiten verhindert. So k\u00f6nnen unsch\u00f6ne\nKabel durch das Doppelwandsystem ohne Umst\u00e4nde\nverborgen werden. Zudem ist die Montage einer\nAufdachmarkise ohne Aufsatzprofile m\u00f6glich. \n                  <\/p>\n                <\/div>\n              <\/div>\n              <div class=\"u-container-align-center u-container-style u-image u-layout-cell u-size-15 u-image-2\" data-image-width=\"600\" data-image-height=\"400\" data-animation-name=\"customAnimationIn\" data-animation-duration=\"2000\" data-animation-delay=\"250\" style=\"background-image: url(&quot;https:\/\/ms-bauelemente-trier.de\/wp-content\/uploads\/2023\/10\/ModernesDesign.jpg&quot;);\">\n                <div class=\"u-container-layout u-container-layout-3\"><\/div>\n              <\/div>\n            <\/div>\n          <\/div>\n        <\/div>\n      <\/div>\n    <\/section>\n    <section class=\"u-clearfix u-section-5\" id=\"sec-09ee\">\n      <div class=\"u-clearfix u-sheet u-valign-middle u-sheet-1\">\n        <div class=\"data-layout-selected u-clearfix u-expanded-width u-gutter-0 u-layout-wrap u-layout-wrap-1\">\n          <div class=\"u-layout\">\n            <div class=\"u-layout-col\">\n              <div class=\"u-size-30\">\n                <div class=\"u-layout-col\">\n                  <div class=\"u-container-style u-layout-cell u-size-60 u-layout-cell-1\" data-animation-name=\"customAnimationIn\" data-animation-duration=\"2000\">\n                    <div class=\"u-container-layout u-container-layout-1\">\n                      <h4 class=\"u-align-left u-text u-text-font u-text-1\"> Ausstattungsm\u00f6glichkeiten&nbsp;<\/h4>\n                      <div class=\"u-align-left u-border-3 u-border-palette-1-base u-line u-line-horizontal u-line-1\"><\/div>\n                      <p class=\"u-align-left u-text u-text-2\">Jede unserer Terrassen\u00fcberdachungen l\u00e4sst sich sowohl bei der\nPlanung als auch lange nach der Vollendung noch mit vielen verschiedenen\nElementen erweitern, um den Nutzen und die Freude f\u00fcr jeden Einzelnen\nnoch zu verbessern. Es k\u00f6nnen jederzeit zus\u00e4tzliche Seitenw\u00e4nde,\nMarkisen, ein Ger\u00e4teraum oder weitere Ausstattungen angebracht werden.\nZus\u00e4tzlich kann die Terrassen\u00fcberdachung mit einer Glasschiebeanlage zum\nSommergarten ausgebaut werden.&nbsp;<br>\n                        <br>Alle Ausstattungsm\u00f6glichkeiten k\u00f6nnen beliebig wie ein Baukastensystem\nzusammengestellt werden. \n                      <\/p>\n                    <\/div>\n                  <\/div>\n                <\/div>\n              <\/div>\n              <div class=\"u-size-30\">\n                <div class=\"u-layout-row\">\n                  <div class=\"u-container-align-center u-container-style u-image u-layout-cell u-size-20 u-image-1\" data-image-width=\"643\" data-image-height=\"850\" data-animation-name=\"customAnimationIn\" data-animation-duration=\"2000\" data-animation-delay=\"250\" style=\"background-image: url(&quot;https:\/\/ms-bauelemente-trier.de\/wp-content\/uploads\/2023\/10\/Senkrechtmarkisen-2.jpg&quot;);\">\n                    <div class=\"u-container-layout u-container-layout-2\"><\/div>\n                  <\/div>\n                  <div class=\"u-container-style u-layout-cell u-size-40 u-layout-cell-3\" data-animation-name=\"customAnimationIn\" data-animation-duration=\"2000\">\n                    <div class=\"u-container-layout u-container-layout-3\">\n                      <h4 class=\"u-align-left u-text u-text-font u-text-3\">Beschattung<\/h4>\n                      <div class=\"u-align-left u-border-3 u-border-palette-1-base u-line u-line-horizontal u-line-2\"><\/div>\n                      <p class=\"u-align-left u-text u-text-4\">Jede unserer Terrassen\u00fcberdachungen l\u00e4sst sich sowohl bei der\nPlanung als auch lange nach der Vollendung noch mit vielen verschiedenen\nElementen erweitern, um den Nutzen und die Freude f\u00fcr jeden Einzelnen\nnoch zu verbessern. Es k\u00f6nnen jederzeit zus\u00e4tzliche Seitenw\u00e4nde,\nMarkisen, ein Ger\u00e4teraum oder weitere Ausstattungen angebracht werden.\nZus\u00e4tzlich kann die Terrassen\u00fcberdachung mit einer Glasschiebeanlage zum\nSommergarten ausgebaut werden.&nbsp;<br>\n                        <br>Alle Ausstattungsm\u00f6glichkeiten k\u00f6nnen beliebig wie ein Baukastensystem\nzusammengestellt werden. \n                      <\/p>\n                    <\/div>\n                  <\/div>\n                <\/div>\n              <\/div>\n            <\/div>\n          <\/div>\n        <\/div>\n      <\/div>\n    <\/section>\n    <section class=\"skrollable u-clearfix u-section-6\" id=\"sec-0a64\">\n      <div class=\"u-clearfix u-image u-sheet u-image-1\" data-image-width=\"1350\" data-image-height=\"879\" style=\"background-image: url(&quot;https:\/\/ms-bauelemente-trier.de\/wp-content\/uploads\/2023\/10\/Terrassenueberdachung-6.jpg&quot;);\">\n        <div class=\"infinite u-align-left u-container-style u-grey-90 u-group u-opacity u-opacity-65 u-group-1\" data-animation-name=\"pulse\" data-animation-duration=\"2000\" data-animation-direction=\"\">\n          <div class=\"u-container-layout u-container-layout-1\">\n            <h1 class=\"u-align-left u-text u-text-default u-text-font u-text-1\">JETZT UNVERBINDLICHES BERATUNGSGESPR\u00c4CH ANFORDERN!<\/h1>\n            <a href=\"https:\/\/ms-bauelemente-trier.de\/?page_id=238\" class=\"u-btn u-button-style u-none u-text-hover-palette-3-light-1 u-text-white u-btn-1\">ZUM BERATUNGSGESPR\u00c4CH&nbsp;&nbsp;<span class=\"u-file-icon u-icon u-text-white u-icon-1\"><img src=\"https:\/\/ms-bauelemente-trier.de\/wp-content\/uploads\/2023\/10\/65a84705.png\" alt=\"\"><\/span>\n            <\/a>\n          <\/div>\n        <\/div>\n      <\/div>\n    <\/section>\n    <section class=\"u-clearfix u-section-7\" id=\"sec-5b79\">\n      <div class=\"u-clearfix u-sheet u-valign-middle-xl u-sheet-1\">\n        <div class=\"data-layout-selected u-clearfix u-expanded-width u-layout-wrap u-layout-wrap-1\">\n          <div class=\"u-gutter-0 u-layout\">\n            <div class=\"u-layout-col\">\n              <div class=\"u-size-30\">\n                <div class=\"u-layout-row\">\n                  <div class=\"u-container-align-center u-container-style u-image u-layout-cell u-size-27 u-image-1\" data-image-width=\"1300\" data-image-height=\"779\" data-animation-name=\"customAnimationIn\" data-animation-duration=\"2000\" data-animation-delay=\"250\" style=\"background-image: url(&quot;https:\/\/ms-bauelemente-trier.de\/wp-content\/uploads\/2023\/10\/Sonderanfertigungen-1.jpg&quot;);\">\n                    <div class=\"u-container-layout u-container-layout-1\"><\/div>\n                  <\/div>\n                  <div class=\"u-container-align-center u-container-style u-image u-layout-cell u-size-33 u-image-2\" data-image-width=\"1300\" data-image-height=\"633\" data-animation-name=\"customAnimationIn\" data-animation-duration=\"2000\" data-animation-delay=\"250\" style=\"background-image: url(&quot;https:\/\/ms-bauelemente-trier.de\/wp-content\/uploads\/2023\/10\/Lamellenpergola-1.jpg&quot;);\">\n                    <div class=\"u-container-layout u-container-layout-2\"><\/div>\n                  <\/div>\n                <\/div>\n              <\/div>\n              <div class=\"u-size-30\">\n                <div class=\"u-layout-row\">\n                  <div class=\"u-container-align-center u-container-style u-image u-layout-cell u-size-27 u-image-3\" data-image-width=\"1300\" data-image-height=\"865\" data-animation-name=\"customAnimationIn\" data-animation-duration=\"2000\" data-animation-delay=\"250\" style=\"background-image: url(&quot;https:\/\/ms-bauelemente-trier.de\/wp-content\/uploads\/2023\/10\/Sonderanfertigungen.jpg&quot;);\">\n                    <div class=\"u-container-layout u-container-layout-3\"><\/div>\n                  <\/div>\n                  <div class=\"u-container-style u-layout-cell u-size-33 u-layout-cell-4\" data-animation-name=\"customAnimationIn\" data-animation-duration=\"2000\">\n                    <div class=\"u-container-layout u-container-layout-4\">\n                      <h4 class=\"u-align-left u-text u-text-font u-text-1\">SONDERL\u00d6SUNGEN<\/h4>\n                      <p class=\"u-align-left u-text u-text-2\">Machen Sie Ihr Zuhause einzigartig!<br>Daher sind auch Sonderanfertigungen Teil unseres Angebotes.<br>Lassen Sie sich vor Ort ganz pers\u00f6nlich und individuell beraten!<br>\n                        <br>\n                      <\/p>\n                      <a href=\"https:\/\/ms-bauelemente-trier.de\/?page_id=238\" class=\"infinite u-btn u-button-style u-none u-text-grey-75 u-text-hover-palette-2-base u-btn-1\" data-animation-name=\"pulse\" data-animation-duration=\"2000\" data-animation-direction=\"\">ZUR TERMINVEREINBARUNG&nbsp;&nbsp;<span class=\"u-file-icon u-icon u-text-grey-75 u-icon-1\"><img src=\"https:\/\/ms-bauelemente-trier.de\/wp-content\/uploads\/2023\/10\/30135368.png\" alt=\"\"><\/span>\n                      <\/a>\n                      <div class=\"u-align-left u-border-3 u-border-palette-1-dark-1 u-line u-line-vertical u-line-1\"><\/div>\n                    <\/div>\n                  <\/div>\n                <\/div>\n              <\/div>\n            <\/div>\n          <\/div>\n        <\/div>\n      <\/div>\n    <\/section>\n    <section class=\"u-clearfix u-container-align-center u-image u-section-8\" id=\"sec-8c00\" data-image-width=\"2473\" data-image-height=\"74\" style=\"background-image: url(&quot;https:\/\/ms-bauelemente-trier.de\/wp-content\/uploads\/2023\/10\/MSBauelementeStreifen.png&quot;);\">\n      <div class=\"u-clearfix u-sheet u-sheet-1\"><\/div>\n    <\/section>\n    \n    \n    \n    \n  \n<\/div>","protected":false},"excerpt":{"rendered":"<p>Terrassen\u00fcberdachung Der Fr\u00fchling bl\u00fcht auf und langsam aber sicher wagt sich die Sonne hinter der Wolkendecke hervor. Das Leben erwacht und es zieht uns hinaus ins Freie. Bereitwillig nehmen wir nun all das in Angriff, f\u00fcr das es uns im Winter zu kalt und widrig war. Dazu geh\u00f6rt neben verschiedenen Gartenarbeiten auch das Herrichten der&hellip; <a class=\"more-link\" href=\"https:\/\/ms-bauelemente-trier.de\/?page_id=242\"><span class=\"screen-reader-text\">Terrassen\u00fcberdachungen<\/span> weiterlesen<\/a><\/p>\n","protected":false},"author":1,"featured_media":0,"parent":0,"menu_order":9,"comment_status":"closed","ping_status":"closed","template":"","meta":{"footnotes":""},"_links":{"self":[{"href":"https:\/\/ms-bauelemente-trier.de\/index.php?rest_route=\/wp\/v2\/pages\/242"}],"collection":[{"href":"https:\/\/ms-bauelemente-trier.de\/index.php?rest_route=\/wp\/v2\/pages"}],"about":[{"href":"https:\/\/ms-bauelemente-trier.de\/index.php?rest_route=\/wp\/v2\/types\/page"}],"author":[{"embeddable":true,"href":"https:\/\/ms-bauelemente-trier.de\/index.php?rest_route=\/wp\/v2\/users\/1"}],"replies":[{"embeddable":true,"href":"https:\/\/ms-bauelemente-trier.de\/index.php?rest_route=%2Fwp%2Fv2%2Fcomments&post=242"}],"version-history":[{"count":2,"href":"https:\/\/ms-bauelemente-trier.de\/index.php?rest_route=\/wp\/v2\/pages\/242\/revisions"}],"predecessor-version":[{"id":397,"href":"https:\/\/ms-bauelemente-trier.de\/index.php?rest_route=\/wp\/v2\/pages\/242\/revisions\/397"}],"wp:attachment":[{"href":"https:\/\/ms-bauelemente-trier.de\/index.php?rest_route=%2Fwp%2Fv2%2Fmedia&parent=242"}],"curies":[{"name":"wp","href":"https:\/\/api.w.org\/{rel}","templated":true}]}}